{"id":25371,"date":"2022-06-07T11:34:58","date_gmt":"2022-06-07T18:34:58","guid":{"rendered":"https:\/\/www.camarenahealth.org\/consejo-de-administracion-de-la-fundacion\/"},"modified":"2022-08-12T18:50:14","modified_gmt":"2022-08-13T01:50:14","slug":"consejo-de-administracion-de-la-fundacion","status":"publish","type":"page","link":"https:\/\/www.camarenahealth.org\/es\/consejo-de-administracion-de-la-fundacion\/","title":{"rendered":"Consejo de Administraci\u00f3n de la Fundaci\u00f3n"},"content":{"rendered":"\t\t<div data-elementor-type=\"wp-page\" data-elementor-id=\"25371\" class=\"elementor elementor-25371 elementor-23580\" data-elementor-post-type=\"page\">\n\t\t\t\t\t\t<section class=\"elementor-section elementor-top-section elementor-element elementor-element-ef75581 elementor-reverse-mobile elementor-section-boxed elementor-section-height-default elementor-section-height-default\" data-id=\"ef75581\" data-element_type=\"section\" data-e-type=\"section\" data-settings=\"{&quot;background_background&quot;:&quot;classic&quot;}\">\n\t\t\t\t\t\t<div class=\"elementor-container elementor-column-gap-default\">\n\t\t\t\t\t<div class=\"elementor-column elementor-col-100 elementor-top-column elementor-element elementor-element-a67977d\" data-id=\"a67977d\" data-element_type=\"column\" data-e-type=\"column\">\n\t\t\t<div class=\"elementor-widget-wrap elementor-element-populated\">\n\t\t\t\t\t\t<div class=\"elementor-element elementor-element-3d7d98c elementor-widget elementor-widget-image\" data-id=\"3d7d98c\" data-element_type=\"widget\" data-e-type=\"widget\" data-widget_type=\"image.default\">\n\t\t\t\t<div class=\"elementor-widget-container\">\n\t\t\t\t\t\t\t\t\t\t\t\t\t\t\t<img decoding=\"async\" width=\"390\" height=\"80\" src=\"https:\/\/www.camarenahealth.org\/wp-content\/uploads\/2022\/05\/Camarena-Health-Foundation_Logo.png\" class=\"attachment-large size-large wp-image-24773\" alt=\"\" srcset=\"https:\/\/www.camarenahealth.org\/wp-content\/uploads\/2022\/05\/Camarena-Health-Foundation_Logo.png 390w, https:\/\/www.camarenahealth.org\/wp-content\/uploads\/2022\/05\/Camarena-Health-Foundation_Logo-300x62.png 300w\" sizes=\"(max-width: 390px) 100vw, 390px\" \/>\t\t\t\t\t\t\t\t\t\t\t\t\t\t\t<\/div>\n\t\t\t\t<\/div>\n\t\t\t\t<div class=\"elementor-element elementor-element-a3fb68e elementor-widget elementor-widget-heading\" data-id=\"a3fb68e\" data-element_type=\"widget\" data-e-type=\"widget\" data-widget_type=\"heading.default\">\n\t\t\t\t<div class=\"elementor-widget-container\">\n\t\t\t\t\t<h1 class=\"elementor-heading-title elementor-size-default\">Consejo de Administraci\u00f3n<\/h1>\t\t\t\t<\/div>\n\t\t\t\t<\/div>\n\t\t\t\t\t<\/div>\n\t\t<\/div>\n\t\t\t\t\t<\/div>\n\t\t<\/section>\n\t\t\t\t<section class=\"elementor-section elementor-top-section elementor-element elementor-element-6fef1657 elementor-section-content-middle elementor-section-boxed elementor-section-height-default elementor-section-height-default\" data-id=\"6fef1657\" data-element_type=\"section\" data-e-type=\"section\" data-settings=\"{&quot;background_background&quot;:&quot;classic&quot;}\">\n\t\t\t\t\t\t<div class=\"elementor-container elementor-column-gap-no\">\n\t\t\t\t\t<div class=\"elementor-column elementor-col-100 elementor-top-column elementor-element elementor-element-7a64f5ab\" data-id=\"7a64f5ab\" data-element_type=\"column\" data-e-type=\"column\">\n\t\t\t<div class=\"elementor-widget-wrap elementor-element-populated\">\n\t\t\t\t\t\t<section class=\"elementor-section elementor-inner-section elementor-element elementor-element-44398971 elementor-section-content-middle elementor-section-boxed elementor-section-height-default elementor-section-height-default\" data-id=\"44398971\" data-element_type=\"section\" data-e-type=\"section\">\n\t\t\t\t\t\t<div class=\"elementor-container elementor-column-gap-no\">\n\t\t\t\t\t<div class=\"elementor-column elementor-col-50 elementor-inner-column elementor-element elementor-element-5f8948f1\" data-id=\"5f8948f1\" data-element_type=\"column\" data-e-type=\"column\">\n\t\t\t<div class=\"elementor-widget-wrap elementor-element-populated\">\n\t\t\t\t\t\t<div class=\"elementor-element elementor-element-24f35ed3 elementor-widget elementor-widget-image\" data-id=\"24f35ed3\" data-element_type=\"widget\" data-e-type=\"widget\" data-widget_type=\"image.default\">\n\t\t\t\t<div class=\"elementor-widget-container\">\n\t\t\t\t\t\t\t\t\t\t\t\t\t\t\t<img fetchpriority=\"high\" decoding=\"async\" width=\"1800\" height=\"1800\" src=\"https:\/\/www.camarenahealth.org\/wp-content\/uploads\/2022\/06\/FHCN-Board-of-Directors_Paulo-Soares-Chairman-of-Board.jpg\" class=\"attachment-full size-full wp-image-24828\" alt=\"\" srcset=\"https:\/\/www.camarenahealth.org\/wp-content\/uploads\/2022\/06\/FHCN-Board-of-Directors_Paulo-Soares-Chairman-of-Board.jpg 1800w, https:\/\/www.camarenahealth.org\/wp-content\/uploads\/2022\/06\/FHCN-Board-of-Directors_Paulo-Soares-Chairman-of-Board-300x300.jpg 300w, https:\/\/www.camarenahealth.org\/wp-content\/uploads\/2022\/06\/FHCN-Board-of-Directors_Paulo-Soares-Chairman-of-Board-1024x1024.jpg 1024w, https:\/\/www.camarenahealth.org\/wp-content\/uploads\/2022\/06\/FHCN-Board-of-Directors_Paulo-Soares-Chairman-of-Board-150x150.jpg 150w, https:\/\/www.camarenahealth.org\/wp-content\/uploads\/2022\/06\/FHCN-Board-of-Directors_Paulo-Soares-Chairman-of-Board-768x768.jpg 768w, https:\/\/www.camarenahealth.org\/wp-content\/uploads\/2022\/06\/FHCN-Board-of-Directors_Paulo-Soares-Chairman-of-Board-1536x1536.jpg 1536w, https:\/\/www.camarenahealth.org\/wp-content\/uploads\/2022\/06\/FHCN-Board-of-Directors_Paulo-Soares-Chairman-of-Board-500x500.jpg 500w, https:\/\/www.camarenahealth.org\/wp-content\/uploads\/2022\/06\/FHCN-Board-of-Directors_Paulo-Soares-Chairman-of-Board-600x600.jpg 600w, https:\/\/www.camarenahealth.org\/wp-content\/uploads\/2022\/06\/FHCN-Board-of-Directors_Paulo-Soares-Chairman-of-Board-200x200.jpg 200w\" sizes=\"(max-width: 1800px) 100vw, 1800px\" \/>\t\t\t\t\t\t\t\t\t\t\t\t\t\t\t<\/div>\n\t\t\t\t<\/div>\n\t\t\t\t<div class=\"elementor-element elementor-element-a83305a elementor-widget elementor-widget-heading\" data-id=\"a83305a\" data-element_type=\"widget\" data-e-type=\"widget\" data-widget_type=\"heading.default\">\n\t\t\t\t<div class=\"elementor-widget-container\">\n\t\t\t\t\t<h4 class=\"elementor-heading-title elementor-size-default\">Paulo Soares - Presidente del Consejo de Administraci\u00f3n<\/h4>\t\t\t\t<\/div>\n\t\t\t\t<\/div>\n\t\t\t\t\t<\/div>\n\t\t<\/div>\n\t\t\t\t<div class=\"elementor-column elementor-col-50 elementor-inner-column elementor-element elementor-element-1b7da10a\" data-id=\"1b7da10a\" data-element_type=\"column\" data-e-type=\"column\">\n\t\t\t<div class=\"elementor-widget-wrap elementor-element-populated\">\n\t\t\t\t\t\t<div class=\"elementor-element elementor-element-1337751 elementor-widget elementor-widget-image\" data-id=\"1337751\" data-element_type=\"widget\" data-e-type=\"widget\" data-widget_type=\"image.default\">\n\t\t\t\t<div class=\"elementor-widget-container\">\n\t\t\t\t\t\t\t\t\t\t\t\t\t\t\t<img decoding=\"async\" width=\"1800\" height=\"1800\" src=\"https:\/\/www.camarenahealth.org\/wp-content\/uploads\/2022\/06\/FHCN-Board-of-Directors_Nichole-retouch.jpg\" class=\"attachment-full size-full wp-image-24829\" alt=\"\" srcset=\"https:\/\/www.camarenahealth.org\/wp-content\/uploads\/2022\/06\/FHCN-Board-of-Directors_Nichole-retouch.jpg 1800w, https:\/\/www.camarenahealth.org\/wp-content\/uploads\/2022\/06\/FHCN-Board-of-Directors_Nichole-retouch-300x300.jpg 300w, https:\/\/www.camarenahealth.org\/wp-content\/uploads\/2022\/06\/FHCN-Board-of-Directors_Nichole-retouch-1024x1024.jpg 1024w, https:\/\/www.camarenahealth.org\/wp-content\/uploads\/2022\/06\/FHCN-Board-of-Directors_Nichole-retouch-150x150.jpg 150w, https:\/\/www.camarenahealth.org\/wp-content\/uploads\/2022\/06\/FHCN-Board-of-Directors_Nichole-retouch-768x768.jpg 768w, https:\/\/www.camarenahealth.org\/wp-content\/uploads\/2022\/06\/FHCN-Board-of-Directors_Nichole-retouch-1536x1536.jpg 1536w, https:\/\/www.camarenahealth.org\/wp-content\/uploads\/2022\/06\/FHCN-Board-of-Directors_Nichole-retouch-500x500.jpg 500w, https:\/\/www.camarenahealth.org\/wp-content\/uploads\/2022\/06\/FHCN-Board-of-Directors_Nichole-retouch-600x600.jpg 600w, https:\/\/www.camarenahealth.org\/wp-content\/uploads\/2022\/06\/FHCN-Board-of-Directors_Nichole-retouch-200x200.jpg 200w\" sizes=\"(max-width: 1800px) 100vw, 1800px\" \/>\t\t\t\t\t\t\t\t\t\t\t\t\t\t\t<\/div>\n\t\t\t\t<\/div>\n\t\t\t\t<div class=\"elementor-element elementor-element-28c698c elementor-widget elementor-widget-heading\" data-id=\"28c698c\" data-element_type=\"widget\" data-e-type=\"widget\" data-widget_type=\"heading.default\">\n\t\t\t\t<div class=\"elementor-widget-container\">\n\t\t\t\t\t<h4 class=\"elementor-heading-title elementor-size-default\">Nichole Mosqueda - Secretaria<\/h4>\t\t\t\t<\/div>\n\t\t\t\t<\/div>\n\t\t\t\t\t<\/div>\n\t\t<\/div>\n\t\t\t\t\t<\/div>\n\t\t<\/section>\n\t\t\t\t<section class=\"elementor-section elementor-inner-section elementor-element elementor-element-5d018ebf elementor-section-content-middle elementor-section-boxed elementor-section-height-default elementor-section-height-default\" data-id=\"5d018ebf\" data-element_type=\"section\" data-e-type=\"section\">\n\t\t\t\t\t\t<div class=\"elementor-container elementor-column-gap-no\">\n\t\t\t\t\t<div class=\"elementor-column elementor-col-33 elementor-inner-column elementor-element elementor-element-1ce2a211\" data-id=\"1ce2a211\" data-element_type=\"column\" data-e-type=\"column\">\n\t\t\t<div class=\"elementor-widget-wrap elementor-element-populated\">\n\t\t\t\t\t\t<div class=\"elementor-element elementor-element-39ceeb45 elementor-widget elementor-widget-image\" data-id=\"39ceeb45\" data-element_type=\"widget\" data-e-type=\"widget\" data-widget_type=\"image.default\">\n\t\t\t\t<div class=\"elementor-widget-container\">\n\t\t\t\t\t\t\t\t\t\t\t\t\t\t\t<img loading=\"lazy\" decoding=\"async\" width=\"1800\" height=\"1800\" src=\"https:\/\/www.camarenahealth.org\/wp-content\/uploads\/2022\/06\/FHCN-Board-of-Directors_Margarita-Medina-Director-of-Finance.jpg\" class=\"attachment-full size-full wp-image-24830\" alt=\"\" srcset=\"https:\/\/www.camarenahealth.org\/wp-content\/uploads\/2022\/06\/FHCN-Board-of-Directors_Margarita-Medina-Director-of-Finance.jpg 1800w, https:\/\/www.camarenahealth.org\/wp-content\/uploads\/2022\/06\/FHCN-Board-of-Directors_Margarita-Medina-Director-of-Finance-300x300.jpg 300w, https:\/\/www.camarenahealth.org\/wp-content\/uploads\/2022\/06\/FHCN-Board-of-Directors_Margarita-Medina-Director-of-Finance-1024x1024.jpg 1024w, https:\/\/www.camarenahealth.org\/wp-content\/uploads\/2022\/06\/FHCN-Board-of-Directors_Margarita-Medina-Director-of-Finance-150x150.jpg 150w, https:\/\/www.camarenahealth.org\/wp-content\/uploads\/2022\/06\/FHCN-Board-of-Directors_Margarita-Medina-Director-of-Finance-768x768.jpg 768w, https:\/\/www.camarenahealth.org\/wp-content\/uploads\/2022\/06\/FHCN-Board-of-Directors_Margarita-Medina-Director-of-Finance-1536x1536.jpg 1536w, https:\/\/www.camarenahealth.org\/wp-content\/uploads\/2022\/06\/FHCN-Board-of-Directors_Margarita-Medina-Director-of-Finance-500x500.jpg 500w, https:\/\/www.camarenahealth.org\/wp-content\/uploads\/2022\/06\/FHCN-Board-of-Directors_Margarita-Medina-Director-of-Finance-600x600.jpg 600w, https:\/\/www.camarenahealth.org\/wp-content\/uploads\/2022\/06\/FHCN-Board-of-Directors_Margarita-Medina-Director-of-Finance-200x200.jpg 200w\" sizes=\"(max-width: 1800px) 100vw, 1800px\" \/>\t\t\t\t\t\t\t\t\t\t\t\t\t\t\t<\/div>\n\t\t\t\t<\/div>\n\t\t\t\t<div class=\"elementor-element elementor-element-c21e8c7 elementor-widget elementor-widget-heading\" data-id=\"c21e8c7\" data-element_type=\"widget\" data-e-type=\"widget\" data-widget_type=\"heading.default\">\n\t\t\t\t<div class=\"elementor-widget-container\">\n\t\t\t\t\t<h4 class=\"elementor-heading-title elementor-size-default\">Margarita Medina - Tesorera  <\/h4>\t\t\t\t<\/div>\n\t\t\t\t<\/div>\n\t\t\t\t\t<\/div>\n\t\t<\/div>\n\t\t\t\t<div class=\"elementor-column elementor-col-33 elementor-inner-column elementor-element elementor-element-535b048f\" data-id=\"535b048f\" data-element_type=\"column\" data-e-type=\"column\">\n\t\t\t<div class=\"elementor-widget-wrap elementor-element-populated\">\n\t\t\t\t\t\t<div class=\"elementor-element elementor-element-7060ebd9 elementor-widget elementor-widget-image\" data-id=\"7060ebd9\" data-element_type=\"widget\" data-e-type=\"widget\" data-widget_type=\"image.default\">\n\t\t\t\t<div class=\"elementor-widget-container\">\n\t\t\t\t\t\t\t\t\t\t\t\t\t\t\t<img loading=\"lazy\" decoding=\"async\" width=\"1800\" height=\"1800\" src=\"https:\/\/www.camarenahealth.org\/wp-content\/uploads\/2022\/06\/FHCN-Board-of-Directors_Edgar-Jimenez.jpg\" class=\"attachment-full size-full wp-image-24832\" alt=\"\" srcset=\"https:\/\/www.camarenahealth.org\/wp-content\/uploads\/2022\/06\/FHCN-Board-of-Directors_Edgar-Jimenez.jpg 1800w, https:\/\/www.camarenahealth.org\/wp-content\/uploads\/2022\/06\/FHCN-Board-of-Directors_Edgar-Jimenez-300x300.jpg 300w, https:\/\/www.camarenahealth.org\/wp-content\/uploads\/2022\/06\/FHCN-Board-of-Directors_Edgar-Jimenez-1024x1024.jpg 1024w, https:\/\/www.camarenahealth.org\/wp-content\/uploads\/2022\/06\/FHCN-Board-of-Directors_Edgar-Jimenez-150x150.jpg 150w, https:\/\/www.camarenahealth.org\/wp-content\/uploads\/2022\/06\/FHCN-Board-of-Directors_Edgar-Jimenez-768x768.jpg 768w, https:\/\/www.camarenahealth.org\/wp-content\/uploads\/2022\/06\/FHCN-Board-of-Directors_Edgar-Jimenez-1536x1536.jpg 1536w, https:\/\/www.camarenahealth.org\/wp-content\/uploads\/2022\/06\/FHCN-Board-of-Directors_Edgar-Jimenez-500x500.jpg 500w, https:\/\/www.camarenahealth.org\/wp-content\/uploads\/2022\/06\/FHCN-Board-of-Directors_Edgar-Jimenez-600x600.jpg 600w, https:\/\/www.camarenahealth.org\/wp-content\/uploads\/2022\/06\/FHCN-Board-of-Directors_Edgar-Jimenez-200x200.jpg 200w\" sizes=\"(max-width: 1800px) 100vw, 1800px\" \/>\t\t\t\t\t\t\t\t\t\t\t\t\t\t\t<\/div>\n\t\t\t\t<\/div>\n\t\t\t\t<div class=\"elementor-element elementor-element-006a833 elementor-widget elementor-widget-heading\" data-id=\"006a833\" data-element_type=\"widget\" data-e-type=\"widget\" data-widget_type=\"heading.default\">\n\t\t\t\t<div class=\"elementor-widget-container\">\n\t\t\t\t\t<h4 class=\"elementor-heading-title elementor-size-default\">Edgar Jimenez - Miembro de la Junta Directiva<\/h4>\t\t\t\t<\/div>\n\t\t\t\t<\/div>\n\t\t\t\t\t<\/div>\n\t\t<\/div>\n\t\t\t\t<div class=\"elementor-column elementor-col-33 elementor-inner-column elementor-element elementor-element-55eae093\" data-id=\"55eae093\" data-element_type=\"column\" data-e-type=\"column\">\n\t\t\t<div class=\"elementor-widget-wrap elementor-element-populated\">\n\t\t\t\t\t\t<div class=\"elementor-element elementor-element-1c3d92a0 elementor-widget elementor-widget-image\" data-id=\"1c3d92a0\" data-element_type=\"widget\" data-e-type=\"widget\" data-widget_type=\"image.default\">\n\t\t\t\t<div class=\"elementor-widget-container\">\n\t\t\t\t\t\t\t\t\t\t\t\t\t\t\t<img loading=\"lazy\" decoding=\"async\" width=\"1800\" height=\"1800\" src=\"https:\/\/www.camarenahealth.org\/wp-content\/uploads\/2022\/06\/FHCN-Board-of-Directors_Jutta-Webb.jpg\" class=\"attachment-full size-full wp-image-24831\" alt=\"\" srcset=\"https:\/\/www.camarenahealth.org\/wp-content\/uploads\/2022\/06\/FHCN-Board-of-Directors_Jutta-Webb.jpg 1800w, https:\/\/www.camarenahealth.org\/wp-content\/uploads\/2022\/06\/FHCN-Board-of-Directors_Jutta-Webb-300x300.jpg 300w, https:\/\/www.camarenahealth.org\/wp-content\/uploads\/2022\/06\/FHCN-Board-of-Directors_Jutta-Webb-1024x1024.jpg 1024w, https:\/\/www.camarenahealth.org\/wp-content\/uploads\/2022\/06\/FHCN-Board-of-Directors_Jutta-Webb-150x150.jpg 150w, https:\/\/www.camarenahealth.org\/wp-content\/uploads\/2022\/06\/FHCN-Board-of-Directors_Jutta-Webb-768x768.jpg 768w, https:\/\/www.camarenahealth.org\/wp-content\/uploads\/2022\/06\/FHCN-Board-of-Directors_Jutta-Webb-1536x1536.jpg 1536w, https:\/\/www.camarenahealth.org\/wp-content\/uploads\/2022\/06\/FHCN-Board-of-Directors_Jutta-Webb-500x500.jpg 500w, https:\/\/www.camarenahealth.org\/wp-content\/uploads\/2022\/06\/FHCN-Board-of-Directors_Jutta-Webb-600x600.jpg 600w, https:\/\/www.camarenahealth.org\/wp-content\/uploads\/2022\/06\/FHCN-Board-of-Directors_Jutta-Webb-200x200.jpg 200w\" sizes=\"(max-width: 1800px) 100vw, 1800px\" \/>\t\t\t\t\t\t\t\t\t\t\t\t\t\t\t<\/div>\n\t\t\t\t<\/div>\n\t\t\t\t<div class=\"elementor-element elementor-element-a053762 elementor-widget elementor-widget-heading\" data-id=\"a053762\" data-element_type=\"widget\" data-e-type=\"widget\" data-widget_type=\"heading.default\">\n\t\t\t\t<div class=\"elementor-widget-container\">\n\t\t\t\t\t<h4 class=\"elementor-heading-title elementor-size-default\">Jutta Webb - Miembro del Consejo de Administraci\u00f3n<\/h4>\t\t\t\t<\/div>\n\t\t\t\t<\/div>\n\t\t\t\t\t<\/div>\n\t\t<\/div>\n\t\t\t\t\t<\/div>\n\t\t<\/section>\n\t\t\t\t\t<\/div>\n\t\t<\/div>\n\t\t\t\t\t<\/div>\n\t\t<\/section>\n\t\t\t\t<\/div>\n\t\t","protected":false},"excerpt":{"rendered":"<p>Consejo de Administraci\u00f3n Paulo Soares &#8211; Presidente del Consejo de Administraci\u00f3n Nichole Mosqueda &#8211; Secretaria Margarita Medina &#8211; Tesorera Edgar Jimenez &#8211; Miembro de la Junta Directiva Jutta Webb &#8211; Miembro del Consejo de Administraci\u00f3n<\/p>\n","protected":false},"author":100,"featured_media":0,"parent":0,"menu_order":0,"comment_status":"closed","ping_status":"closed","template":"elementor_header_footer","meta":{"footnotes":""},"class_list":["post-25371","page","type-page","status-publish","hentry"],"yoast_head":"<!-- This site is optimized with the Yoast SEO plugin v27.4 - https:\/\/yoast.com\/product\/yoast-seo-wordpress\/ -->\n<title>Consejo de Administraci\u00f3n de la Fundaci\u00f3n - Camarena Health<\/title>\n<meta name=\"robots\" content=\"index, follow, max-snippet:-1, max-image-preview:large, max-video-preview:-1\" \/>\n<link rel=\"canonical\" href=\"https:\/\/www.camarenahealth.org\/es\/consejo-de-administracion-de-la-fundacion\/\" \/>\n<meta property=\"og:locale\" content=\"es_ES\" \/>\n<meta property=\"og:type\" content=\"article\" \/>\n<meta property=\"og:title\" content=\"Consejo de Administraci\u00f3n de la Fundaci\u00f3n - Camarena Health\" \/>\n<meta property=\"og:description\" content=\"Consejo de Administraci\u00f3n Paulo Soares &#8211; Presidente del Consejo de Administraci\u00f3n Nichole Mosqueda &#8211; Secretaria Margarita Medina &#8211; Tesorera Edgar Jimenez &#8211; Miembro de la Junta Directiva Jutta Webb &#8211; Miembro del Consejo de Administraci\u00f3n\" \/>\n<meta property=\"og:url\" content=\"https:\/\/www.camarenahealth.org\/es\/consejo-de-administracion-de-la-fundacion\/\" \/>\n<meta property=\"og:site_name\" content=\"Camarena Health\" \/>\n<meta property=\"article:modified_time\" content=\"2022-08-13T01:50:14+00:00\" \/>\n<meta property=\"og:image\" content=\"https:\/\/www.camarenahealth.org\/wp-content\/uploads\/2022\/05\/Camarena-Health-Foundation_Logo.png\" \/>\n<meta name=\"twitter:card\" content=\"summary_large_image\" \/>\n<script type=\"application\/ld+json\" class=\"yoast-schema-graph\">{\"@context\":\"https:\\\/\\\/schema.org\",\"@graph\":[{\"@type\":\"WebPage\",\"@id\":\"https:\\\/\\\/www.camarenahealth.org\\\/es\\\/consejo-de-administracion-de-la-fundacion\\\/\",\"url\":\"https:\\\/\\\/www.camarenahealth.org\\\/es\\\/consejo-de-administracion-de-la-fundacion\\\/\",\"name\":\"Consejo de Administraci\u00f3n de la Fundaci\u00f3n - Camarena Health\",\"isPartOf\":{\"@id\":\"https:\\\/\\\/www.camarenahealth.org\\\/es\\\/#website\"},\"primaryImageOfPage\":{\"@id\":\"https:\\\/\\\/www.camarenahealth.org\\\/es\\\/consejo-de-administracion-de-la-fundacion\\\/#primaryimage\"},\"image\":{\"@id\":\"https:\\\/\\\/www.camarenahealth.org\\\/es\\\/consejo-de-administracion-de-la-fundacion\\\/#primaryimage\"},\"thumbnailUrl\":\"https:\\\/\\\/www.camarenahealth.org\\\/wp-content\\\/uploads\\\/2022\\\/05\\\/Camarena-Health-Foundation_Logo.png\",\"datePublished\":\"2022-06-07T18:34:58+00:00\",\"dateModified\":\"2022-08-13T01:50:14+00:00\",\"breadcrumb\":{\"@id\":\"https:\\\/\\\/www.camarenahealth.org\\\/es\\\/consejo-de-administracion-de-la-fundacion\\\/#breadcrumb\"},\"inLanguage\":\"es\",\"potentialAction\":[{\"@type\":\"ReadAction\",\"target\":[\"https:\\\/\\\/www.camarenahealth.org\\\/es\\\/consejo-de-administracion-de-la-fundacion\\\/\"]}]},{\"@type\":\"ImageObject\",\"inLanguage\":\"es\",\"@id\":\"https:\\\/\\\/www.camarenahealth.org\\\/es\\\/consejo-de-administracion-de-la-fundacion\\\/#primaryimage\",\"url\":\"https:\\\/\\\/www.camarenahealth.org\\\/wp-content\\\/uploads\\\/2022\\\/05\\\/Camarena-Health-Foundation_Logo.png\",\"contentUrl\":\"https:\\\/\\\/www.camarenahealth.org\\\/wp-content\\\/uploads\\\/2022\\\/05\\\/Camarena-Health-Foundation_Logo.png\"},{\"@type\":\"BreadcrumbList\",\"@id\":\"https:\\\/\\\/www.camarenahealth.org\\\/es\\\/consejo-de-administracion-de-la-fundacion\\\/#breadcrumb\",\"itemListElement\":[{\"@type\":\"ListItem\",\"position\":1,\"name\":\"Home\",\"item\":\"https:\\\/\\\/www.camarenahealth.org\\\/es\\\/salud-camarena\\\/\"},{\"@type\":\"ListItem\",\"position\":2,\"name\":\"Consejo de Administraci\u00f3n de la Fundaci\u00f3n\"}]},{\"@type\":\"WebSite\",\"@id\":\"https:\\\/\\\/www.camarenahealth.org\\\/es\\\/#website\",\"url\":\"https:\\\/\\\/www.camarenahealth.org\\\/es\\\/\",\"name\":\"Camarena Health\",\"description\":\"We Are Community. We Are Family. We Are Health.\",\"publisher\":{\"@id\":\"https:\\\/\\\/www.camarenahealth.org\\\/es\\\/#organization\"},\"potentialAction\":[{\"@type\":\"SearchAction\",\"target\":{\"@type\":\"EntryPoint\",\"urlTemplate\":\"https:\\\/\\\/www.camarenahealth.org\\\/es\\\/?s={search_term_string}\"},\"query-input\":{\"@type\":\"PropertyValueSpecification\",\"valueRequired\":true,\"valueName\":\"search_term_string\"}}],\"inLanguage\":\"es\"},{\"@type\":\"Organization\",\"@id\":\"https:\\\/\\\/www.camarenahealth.org\\\/es\\\/#organization\",\"name\":\"Camarena Health\",\"url\":\"https:\\\/\\\/www.camarenahealth.org\\\/es\\\/\",\"logo\":{\"@type\":\"ImageObject\",\"inLanguage\":\"es\",\"@id\":\"https:\\\/\\\/www.camarenahealth.org\\\/es\\\/#\\\/schema\\\/logo\\\/image\\\/\",\"url\":\"https:\\\/\\\/www.camarenahealth.org\\\/wp-content\\\/uploads\\\/2021\\\/12\\\/Camarena-Health_2022-Logo.svg\",\"contentUrl\":\"https:\\\/\\\/www.camarenahealth.org\\\/wp-content\\\/uploads\\\/2021\\\/12\\\/Camarena-Health_2022-Logo.svg\",\"width\":1920,\"height\":382,\"caption\":\"Camarena Health\"},\"image\":{\"@id\":\"https:\\\/\\\/www.camarenahealth.org\\\/es\\\/#\\\/schema\\\/logo\\\/image\\\/\"}}]}<\/script>\n<!-- \/ Yoast SEO plugin. -->","yoast_head_json":{"title":"Consejo de Administraci\u00f3n de la Fundaci\u00f3n - Camarena Health","robots":{"index":"index","follow":"follow","max-snippet":"max-snippet:-1","max-image-preview":"max-image-preview:large","max-video-preview":"max-video-preview:-1"},"canonical":"https:\/\/www.camarenahealth.org\/es\/consejo-de-administracion-de-la-fundacion\/","og_locale":"es_ES","og_type":"article","og_title":"Consejo de Administraci\u00f3n de la Fundaci\u00f3n - Camarena Health","og_description":"Consejo de Administraci\u00f3n Paulo Soares &#8211; Presidente del Consejo de Administraci\u00f3n Nichole Mosqueda &#8211; Secretaria Margarita Medina &#8211; Tesorera Edgar Jimenez &#8211; Miembro de la Junta Directiva Jutta Webb &#8211; Miembro del Consejo de Administraci\u00f3n","og_url":"https:\/\/www.camarenahealth.org\/es\/consejo-de-administracion-de-la-fundacion\/","og_site_name":"Camarena Health","article_modified_time":"2022-08-13T01:50:14+00:00","og_image":[{"url":"https:\/\/www.camarenahealth.org\/wp-content\/uploads\/2022\/05\/Camarena-Health-Foundation_Logo.png","type":"","width":"","height":""}],"twitter_card":"summary_large_image","schema":{"@context":"https:\/\/schema.org","@graph":[{"@type":"WebPage","@id":"https:\/\/www.camarenahealth.org\/es\/consejo-de-administracion-de-la-fundacion\/","url":"https:\/\/www.camarenahealth.org\/es\/consejo-de-administracion-de-la-fundacion\/","name":"Consejo de Administraci\u00f3n de la Fundaci\u00f3n - Camarena Health","isPartOf":{"@id":"https:\/\/www.camarenahealth.org\/es\/#website"},"primaryImageOfPage":{"@id":"https:\/\/www.camarenahealth.org\/es\/consejo-de-administracion-de-la-fundacion\/#primaryimage"},"image":{"@id":"https:\/\/www.camarenahealth.org\/es\/consejo-de-administracion-de-la-fundacion\/#primaryimage"},"thumbnailUrl":"https:\/\/www.camarenahealth.org\/wp-content\/uploads\/2022\/05\/Camarena-Health-Foundation_Logo.png","datePublished":"2022-06-07T18:34:58+00:00","dateModified":"2022-08-13T01:50:14+00:00","breadcrumb":{"@id":"https:\/\/www.camarenahealth.org\/es\/consejo-de-administracion-de-la-fundacion\/#breadcrumb"},"inLanguage":"es","potentialAction":[{"@type":"ReadAction","target":["https:\/\/www.camarenahealth.org\/es\/consejo-de-administracion-de-la-fundacion\/"]}]},{"@type":"ImageObject","inLanguage":"es","@id":"https:\/\/www.camarenahealth.org\/es\/consejo-de-administracion-de-la-fundacion\/#primaryimage","url":"https:\/\/www.camarenahealth.org\/wp-content\/uploads\/2022\/05\/Camarena-Health-Foundation_Logo.png","contentUrl":"https:\/\/www.camarenahealth.org\/wp-content\/uploads\/2022\/05\/Camarena-Health-Foundation_Logo.png"},{"@type":"BreadcrumbList","@id":"https:\/\/www.camarenahealth.org\/es\/consejo-de-administracion-de-la-fundacion\/#breadcrumb","itemListElement":[{"@type":"ListItem","position":1,"name":"Home","item":"https:\/\/www.camarenahealth.org\/es\/salud-camarena\/"},{"@type":"ListItem","position":2,"name":"Consejo de Administraci\u00f3n de la Fundaci\u00f3n"}]},{"@type":"WebSite","@id":"https:\/\/www.camarenahealth.org\/es\/#website","url":"https:\/\/www.camarenahealth.org\/es\/","name":"Camarena Health","description":"We Are Community. We Are Family. We Are Health.","publisher":{"@id":"https:\/\/www.camarenahealth.org\/es\/#organization"},"potentialAction":[{"@type":"SearchAction","target":{"@type":"EntryPoint","urlTemplate":"https:\/\/www.camarenahealth.org\/es\/?s={search_term_string}"},"query-input":{"@type":"PropertyValueSpecification","valueRequired":true,"valueName":"search_term_string"}}],"inLanguage":"es"},{"@type":"Organization","@id":"https:\/\/www.camarenahealth.org\/es\/#organization","name":"Camarena Health","url":"https:\/\/www.camarenahealth.org\/es\/","logo":{"@type":"ImageObject","inLanguage":"es","@id":"https:\/\/www.camarenahealth.org\/es\/#\/schema\/logo\/image\/","url":"https:\/\/www.camarenahealth.org\/wp-content\/uploads\/2021\/12\/Camarena-Health_2022-Logo.svg","contentUrl":"https:\/\/www.camarenahealth.org\/wp-content\/uploads\/2021\/12\/Camarena-Health_2022-Logo.svg","width":1920,"height":382,"caption":"Camarena Health"},"image":{"@id":"https:\/\/www.camarenahealth.org\/es\/#\/schema\/logo\/image\/"}}]}},"_links":{"self":[{"href":"https:\/\/www.camarenahealth.org\/es\/wp-json\/wp\/v2\/pages\/25371","targetHints":{"allow":["GET"]}}],"collection":[{"href":"https:\/\/www.camarenahealth.org\/es\/wp-json\/wp\/v2\/pages"}],"about":[{"href":"https:\/\/www.camarenahealth.org\/es\/wp-json\/wp\/v2\/types\/page"}],"author":[{"embeddable":true,"href":"https:\/\/www.camarenahealth.org\/es\/wp-json\/wp\/v2\/users\/100"}],"replies":[{"embeddable":true,"href":"https:\/\/www.camarenahealth.org\/es\/wp-json\/wp\/v2\/comments?post=25371"}],"version-history":[{"count":0,"href":"https:\/\/www.camarenahealth.org\/es\/wp-json\/wp\/v2\/pages\/25371\/revisions"}],"wp:attachment":[{"href":"https:\/\/www.camarenahealth.org\/es\/wp-json\/wp\/v2\/media?parent=25371"}],"curies":[{"name":"wp","href":"https:\/\/api.w.org\/{rel}","templated":true}]}}